{"id":635,"date":"2025-11-24T06:50:07","date_gmt":"2025-11-24T06:50:07","guid":{"rendered":"https:\/\/www.imkerverein-aurich.de\/?page_id=635"},"modified":"2025-12-08T18:06:20","modified_gmt":"2025-12-08T18:06:20","slug":"asiatische-hornisse-13-11-2025","status":"publish","type":"page","link":"https:\/\/www.imkerverein-aurich.de\/?page_id=635","title":{"rendered":"Asiatische Hornisse"},"content":{"rendered":"\t\t<div data-elementor-type=\"wp-page\" data-elementor-id=\"635\" class=\"elementor elementor-635\">\n\t\t\t\t\t\t<section class=\"elementor-section elementor-top-section elementor-element elementor-element-14c64de4 elementor-section-full_width elementor-section-stretched elementor-section-height-default elementor-section-height-default\" data-id=\"14c64de4\" data-element_type=\"section\" data-e-type=\"section\" data-settings=\"{&quot;stretch_section&quot;:&quot;section-stretched&quot;}\">\n\t\t\t\t\t\t<div class=\"elementor-container elementor-column-gap-default\">\n\t\t\t\t\t<div class=\"elementor-column elementor-col-100 elementor-top-column elementor-element elementor-element-5bdffc73\" data-id=\"5bdffc73\" data-element_type=\"column\" data-e-type=\"column\">\n\t\t\t<div class=\"elementor-widget-wrap elementor-element-populated\">\n\t\t\t\t\t\t<div class=\"elementor-element elementor-element-54f231b elementor-widget elementor-widget-image\" data-id=\"54f231b\" data-element_type=\"widget\" data-e-type=\"widget\" data-widget_type=\"image.default\">\n\t\t\t\t<div class=\"elementor-widget-container\">\n\t\t\t\t\t\t\t\t\t\t\t\t\t\t\t<img decoding=\"async\" src=\"https:\/\/www.imkerverein-aurich.de\/wp-content\/uploads\/2025\/12\/Hex-Head.png\" title=\"Hex-Head\" alt=\"Hex-Head\" loading=\"lazy\" \/>\t\t\t\t\t\t\t\t\t\t\t\t\t\t\t<\/div>\n\t\t\t\t<\/div>\n\t\t\t\t\t<\/div>\n\t\t<\/div>\n\t\t\t\t\t<\/div>\n\t\t<\/section>\n\t\t\t\t<section class=\"elementor-section elementor-top-section elementor-element elementor-element-614e935 elementor-section-boxed elementor-section-height-default elementor-section-height-default\" data-id=\"614e935\" data-element_type=\"section\" data-e-type=\"section\">\n\t\t\t\t\t\t<div class=\"elementor-container elementor-column-gap-default\">\n\t\t\t\t\t<div class=\"elementor-column elementor-col-100 elementor-top-column elementor-element elementor-element-278b209\" data-id=\"278b209\" data-element_type=\"column\" data-e-type=\"column\">\n\t\t\t<div class=\"elementor-widget-wrap elementor-element-populated\">\n\t\t\t\t\t\t<div class=\"elementor-element elementor-element-84cbbef elementor-widget elementor-widget-heading\" data-id=\"84cbbef\" data-element_type=\"widget\" data-e-type=\"widget\" data-widget_type=\"heading.default\">\n\t\t\t\t<div class=\"elementor-widget-container\">\n\t\t\t\t\t<h2 class=\"elementor-heading-title elementor-size-default\">Asiatische Hornisse&nbsp; \/&nbsp; Vespa Velutina<\/h2>\t\t\t\t<\/div>\n\t\t\t\t<\/div>\n\t\t\t\t<div class=\"elementor-element elementor-element-253a843 elementor-widget elementor-widget-text-editor\" data-id=\"253a843\" data-element_type=\"widget\" data-e-type=\"widget\" data-widget_type=\"text-editor.default\">\n\t\t\t\t<div class=\"elementor-widget-container\">\n\t\t\t\t\t\t\t\t\t<p><b>Wie gehen wir als Imker damit um?\u00a0\u00a0<\/b><br \/>Vortrag von Thomas Beissel<\/p>\n<p><!-- \/wp:paragraph --><!-- wp:paragraph --><\/p>\n<p><!-- \/wp:paragraph --><\/p>\t\t\t\t\t\t\t\t<\/div>\n\t\t\t\t<\/div>\n\t\t\t\t\t<\/div>\n\t\t<\/div>\n\t\t\t\t\t<\/div>\n\t\t<\/section>\n\t\t\t\t<section class=\"elementor-section elementor-top-section elementor-element elementor-element-a0bb390 elementor-section-boxed elementor-section-height-default elementor-section-height-default\" data-id=\"a0bb390\" data-element_type=\"section\" data-e-type=\"section\">\n\t\t\t\t\t\t<div class=\"elementor-container elementor-column-gap-default\">\n\t\t\t\t\t<div class=\"elementor-column elementor-col-50 elementor-top-column elementor-element elementor-element-a15b100\" data-id=\"a15b100\" data-element_type=\"column\" data-e-type=\"column\">\n\t\t\t<div class=\"elementor-widget-wrap elementor-element-populated\">\n\t\t\t\t\t\t<div class=\"elementor-element elementor-element-5faf3b6 elementor-widget elementor-widget-image\" data-id=\"5faf3b6\" data-element_type=\"widget\" data-e-type=\"widget\" data-widget_type=\"image.default\">\n\t\t\t\t<div class=\"elementor-widget-container\">\n\t\t\t\t\t\t\t\t\t\t\t\t<figure class=\"wp-caption\">\n\t\t\t\t\t\t\t\t\t\t<img fetchpriority=\"high\" decoding=\"async\" width=\"212\" height=\"300\" src=\"https:\/\/www.imkerverein-aurich.de\/wp-content\/uploads\/2025\/11\/IMG-20251118-WA0007-212x300.png\" class=\"attachment-medium size-medium wp-image-681\" alt=\"\" srcset=\"https:\/\/www.imkerverein-aurich.de\/wp-content\/uploads\/2025\/11\/IMG-20251118-WA0007-212x300.png 212w, https:\/\/www.imkerverein-aurich.de\/wp-content\/uploads\/2025\/11\/IMG-20251118-WA0007-724x1024.png 724w, https:\/\/www.imkerverein-aurich.de\/wp-content\/uploads\/2025\/11\/IMG-20251118-WA0007-768x1087.png 768w, https:\/\/www.imkerverein-aurich.de\/wp-content\/uploads\/2025\/11\/IMG-20251118-WA0007-106x150.png 106w, https:\/\/www.imkerverein-aurich.de\/wp-content\/uploads\/2025\/11\/IMG-20251118-WA0007.png 848w\" sizes=\"(max-width: 212px) 100vw, 212px\" \/>\t\t\t\t\t\t\t\t\t\t\t<figcaption class=\"widget-image-caption wp-caption-text\">Thomas Beissel<\/figcaption>\n\t\t\t\t\t\t\t\t\t\t<\/figure>\n\t\t\t\t\t\t\t\t\t<\/div>\n\t\t\t\t<\/div>\n\t\t\t\t\t<\/div>\n\t\t<\/div>\n\t\t\t\t<div class=\"elementor-column elementor-col-50 elementor-top-column elementor-element elementor-element-1b4e9d6\" data-id=\"1b4e9d6\" data-element_type=\"column\" data-e-type=\"column\">\n\t\t\t<div class=\"elementor-widget-wrap\">\n\t\t\t\t\t\t\t<\/div>\n\t\t<\/div>\n\t\t\t\t\t<\/div>\n\t\t<\/section>\n\t\t\t\t<section class=\"elementor-section elementor-top-section elementor-element elementor-element-d2a0836 elementor-section-boxed elementor-section-height-default elementor-section-height-default\" data-id=\"d2a0836\" data-element_type=\"section\" data-e-type=\"section\">\n\t\t\t\t\t\t<div class=\"elementor-container elementor-column-gap-default\">\n\t\t\t\t\t<div class=\"elementor-column elementor-col-100 elementor-top-column elementor-element elementor-element-2b7cb86\" data-id=\"2b7cb86\" data-element_type=\"column\" data-e-type=\"column\">\n\t\t\t<div class=\"elementor-widget-wrap elementor-element-populated\">\n\t\t\t\t\t\t<div class=\"elementor-element elementor-element-b8f105b elementor-widget-divider--view-line elementor-widget elementor-widget-divider\" data-id=\"b8f105b\" data-element_type=\"widget\" data-e-type=\"widget\" data-widget_type=\"divider.default\">\n\t\t\t\t<div class=\"elementor-widget-container\">\n\t\t\t\t\t\t\t<div class=\"elementor-divider\">\n\t\t\t<span class=\"elementor-divider-separator\">\n\t\t\t\t\t\t<\/span>\n\t\t<\/div>\n\t\t\t\t\t\t<\/div>\n\t\t\t\t<\/div>\n\t\t\t\t<div class=\"elementor-element elementor-element-5892c75 elementor-widget elementor-widget-image\" data-id=\"5892c75\" data-element_type=\"widget\" data-e-type=\"widget\" data-widget_type=\"image.default\">\n\t\t\t\t<div class=\"elementor-widget-container\">\n\t\t\t\t\t\t\t\t\t\t\t\t<figure class=\"wp-caption\">\n\t\t\t\t\t\t\t\t\t\t\t<a href=\"https:\/\/www.imkerverein-aurich.de\/wp-content\/uploads\/2025\/11\/20251113_202750.png\" data-elementor-open-lightbox=\"yes\" data-elementor-lightbox-title=\"20251113_202750\" data-e-action-hash=\"#elementor-action%3Aaction%3Dlightbox%26settings%3DeyJpZCI6NjgwLCJ1cmwiOiJodHRwczpcL1wvd3d3Lmlta2VydmVyZWluLWF1cmljaC5kZVwvd3AtY29udGVudFwvdXBsb2Fkc1wvMjAyNVwvMTFcLzIwMjUxMTEzXzIwMjc1MC5wbmcifQ%3D%3D\">\n\t\t\t\t\t\t\t<img decoding=\"async\" width=\"300\" height=\"300\" src=\"https:\/\/www.imkerverein-aurich.de\/wp-content\/uploads\/2025\/11\/20251113_202750-300x300.png\" class=\"attachment-medium size-medium wp-image-680\" alt=\"\" srcset=\"https:\/\/www.imkerverein-aurich.de\/wp-content\/uploads\/2025\/11\/20251113_202750-300x300.png 300w, https:\/\/www.imkerverein-aurich.de\/wp-content\/uploads\/2025\/11\/20251113_202750-1024x1024.png 1024w, https:\/\/www.imkerverein-aurich.de\/wp-content\/uploads\/2025\/11\/20251113_202750-150x150.png 150w, https:\/\/www.imkerverein-aurich.de\/wp-content\/uploads\/2025\/11\/20251113_202750-768x768.png 768w, https:\/\/www.imkerverein-aurich.de\/wp-content\/uploads\/2025\/11\/20251113_202750.png 1200w\" sizes=\"(max-width: 300px) 100vw, 300px\" \/>\t\t\t\t\t\t\t\t<\/a>\n\t\t\t\t\t\t\t\t\t\t\t<figcaption class=\"widget-image-caption wp-caption-text\">Vespa Velutina<\/figcaption>\n\t\t\t\t\t\t\t\t\t\t<\/figure>\n\t\t\t\t\t\t\t\t\t<\/div>\n\t\t\t\t<\/div>\n\t\t\t\t\t<\/div>\n\t\t<\/div>\n\t\t\t\t\t<\/div>\n\t\t<\/section>\n\t\t\t\t<section class=\"elementor-section elementor-top-section elementor-element elementor-element-f5ac8d8 elementor-section-boxed elementor-section-height-default elementor-section-height-default\" data-id=\"f5ac8d8\" data-element_type=\"section\" data-e-type=\"section\">\n\t\t\t\t\t\t<div class=\"elementor-container elementor-column-gap-default\">\n\t\t\t\t\t<div class=\"elementor-column elementor-col-100 elementor-top-column elementor-element elementor-element-ee37425\" data-id=\"ee37425\" data-element_type=\"column\" data-e-type=\"column\">\n\t\t\t<div class=\"elementor-widget-wrap elementor-element-populated\">\n\t\t\t\t\t\t<div class=\"elementor-element elementor-element-ebf2467 elementor-widget elementor-widget-text-editor\" data-id=\"ebf2467\" data-element_type=\"widget\" data-e-type=\"widget\" data-widget_type=\"text-editor.default\">\n\t\t\t\t<div class=\"elementor-widget-container\">\n\t\t\t\t\t\t\t\t\t<h3><span style=\"font-family: Arial, serif;\"><span style=\"font-size: medium;\"><b>\u201eAsiatische Hornisse\u201c &#8211; <\/b><\/span><\/span><span style=\"font-family: Arial, serif;\"><span style=\"font-size: medium;\"><b>Wie gehen wir als Imker damit um?<br \/><\/b><\/span><\/span><\/h3>\n<p style=\"margin-bottom: 0cm;\"><span style=\"font-family: Arial, serif;\">Der Imkerverein Aurich von 1886 e.V. konnte durch Mitwirken von Karin und Rudolf Bogena <\/span><span style=\"font-family: Arial, serif;\">den ausgewiesenen Kenner der Asiatischen Hornisse und Wespenbetreuer Thomas Beissel\u00a0<\/span><span style=\"font-family: Arial, serif;\">als Referenten gewinnen. <\/span><\/p>\n<p style=\"margin-bottom: 0cm;\"><span style=\"font-family: Arial, serif;\">Nach dem die ersten Exemplare dieser invasiven Art auch in Ostfriesland gesichtet wurden, muss die Imkerschaft sich mit dieser neuen Bedrohung ihrer V\u00f6lker vertraut machen.<br \/>Das Interesse war gro\u00df und sehr gut besucht war darum sein Vortrag am 13. November 2025, Asiatische Hornisse \/ Vespa Wie gehen wir als Imker damit um?<br \/>Der Imkerverein Aurich hat die Informationsveranstaltung organisiert, damit m\u00f6glichst viele Imker ihre Augen aufhalten und die asiatischen Hornissen und ihre Nester rechtzeitig entdeckt werden.<\/span><\/p>\n<p style=\"margin-bottom: 0cm;\"><span style=\"font-family: Arial, serif;\">Anders als die K\u00f6niginnen der einheimischen Hornisse beginnen die der eingewanderten Vespa velutina bereits im Februar\/M\u00e4rz mit dem Bau eines Prim\u00e4rnests, oft in nur geringer Hohe und im Schutz von Geb\u00e4uden. Nimmt die Zahl der Arbeiterinnen im Mai zu, wird das Nest meist zu klein und das Hornissenvolk zieht um in hohe B\u00e4ume. Dieses Sekund\u00e4rnest ist wegen des Laubs oft nur noch schwer zu sehen. Mit Ende des Sommers beginnt die Entwicklung der Drohnen und Jungk\u00f6niginnen. Je nach Witterungsverlauf bleibt das alte Nest noch bis in den Januar hinein in Betrieb, bis auch die letzten der vorj\u00e4hrigen Insekten abgestorben sind. Es wird nicht wieder neu besiedelt.<\/span><\/p>\n<p style=\"margin-bottom: 0cm;\"><span style=\"font-family: Arial, serif;\">\u00a0<\/span><\/p>\n<p style=\"margin-bottom: 0cm;\"><span style=\"font-family: Arial, serif;\"><b>Das Problem f\u00fcr die Bienen:<\/b><\/span><\/p>\n<p style=\"margin-bottom: 0cm;\"><span style=\"font-family: Arial, serif;\">Je nach Umgebung und Jahreszeit besteht die Nahrung der Hornissen bis zu 60% aus Honigbienen. Vor allem im Sp\u00e4tsommer fallen Hornissen auf, die vor den Beuten heimkommende Bienen geschickt abfangen. Ist die Zahl der patrouillierenden Hornissen zu gro\u00df, fliegen die Bienen nicht mehr aus und die Brut kann nicht mehr ausreichend versorgt werden. Es fehlt dann an Winterbienen, so dass solche Volker deutlich eher zusammenbrechen.<\/span><\/p>\n<p style=\"margin-bottom: 0cm;\"><span style=\"font-family: Arial, serif;\">\u00a0<\/span><\/p>\n<p style=\"margin-bottom: 0cm;\"><span style=\"font-family: Arial, serif;\"><b>Was k\u00f6nnen Imker tun?<\/b><\/span><\/p>\n<p style=\"margin-bottom: 0cm;\"><span style=\"font-family: Arial, serif;\">Dringend abgeraten wird von Fallen jeglicher Art. Es gibt definitiv keine selektiven Fallen, die ausschlie\u00dflich Vespa velutina fangen. So ist der Schaden durch den Fang anderer, zum Teil streng gesch\u00fctzter Insektenarten, gr\u00f6\u00dfer als ein m\u00f6glicher Nutzen.<\/span><\/p>\n<p style=\"margin-bottom: 0cm;\"><span style=\"font-family: Arial, serif;\">Zudem ist das Abfangen einzelner Hornissen im Sommer unwirksam und sinnlos, solange das Hornissennest nicht gefunden und beseitigt wurde.<\/span><\/p>\n<p style=\"margin-bottom: 0cm;\"><span style=\"font-family: Arial, serif;\">Vorrangiges Ziel muss es also sein, das Nest der Asiatischen Hornissen zu finden, um vor Ausfliegen der Jungk\u00f6niginnen eine weitere Verbreitung im n\u00e4chsten Jahr zu verhindern. Wird ein Nest nicht zeitgerecht beseitigt, k\u00f6nnen mehrere hundert Jungk\u00f6niginnen schl\u00fcpfen. Nach der \u00dcberwinterung in der Umgebung werden viele von ihnen im Folgejahr ein neues Volk gr\u00fcnden; die Population vervielfacht sich.<\/span><\/p>\n<p style=\"margin-bottom: 0cm;\"><span style=\"font-family: Arial, serif;\">Thomas Beissel beschreibt eine Methode der Ann\u00e4herung ans Nest, indem er \u00fcber Locktopfe die Hornissen k\u00f6dert und sich durch Beobachtung der Flugrichtung dem Nest n\u00e4hert.<\/span><\/p>\n<p style=\"margin-bottom: 0cm;\"><span style=\"font-family: Arial, serif;\">Ist ein Nest gefunden, liegt das weitere Verfahren in den H\u00e4nden der zust\u00e4ndigen Beh\u00f6rde!<br \/><br \/><\/span><\/p>\n<p style=\"margin-bottom: 0cm;\"><span style=\"font-family: Arial, serif;\">Die Asiatische Hornisse ist, wie auch die Europ\u00e4ische Hornisse, kein aggressives Tier. <strong>Doch bei Bedrohung des Nests verteidigt sie es vehement.<\/strong> Ohne ausreichende Schutzkleidung muss unbedingt ausreichend Abstand vom Nest gehalten werden!<br \/><br \/><\/span><\/p>\n<h5 style=\"margin-bottom: 0cm;\"><span style=\"font-family: Arial, serif;\">Die Sichtung der Hornisse oder ihres Nests ist meldepflichtig.<br \/><br \/><\/span><\/h5>\n<p style=\"margin-bottom: 0cm;\"><span style=\"font-family: Arial, serif;\">Ansprechstelle sind in Niedersachsen die Unteren Naturschutzbeh\u00f6rden,<\/span><\/p>\n<p style=\"margin-bottom: 0cm;\">\u00a0<\/p>\n<p style=\"margin-bottom: 0cm;\"><span style=\"font-family: Arial, serif;\">LINKS:<br \/><a href=\"https:\/\/www.umweltbundesamt.de\/themen\/chemikalien\/biozide\/biozidprodukte\/insektizide\/haeufig-gestellte-fragen-zur-asiatischen-hornisse#1-die-asiatische-hornisse-aussehen-und-lebensweise\">Umwelt Bundesamt<\/a><br \/><a href=\"https:\/\/www.velutina-service.com\/\">Velutina Service Portal<\/a><br \/><\/span><\/p>\n<p><a href=\"https:\/\/www.imkerverein-aurich.de\/wp-content\/uploads\/2025\/11\/Asiatische_Hornisse_Verbreitungskarte_D_2024_BF.pdf\">Asiatische_Hornisse_Verbreitungskarte_D_2024_BF<\/a><\/p>\t\t\t\t\t\t\t\t<\/div>\n\t\t\t\t<\/div>\n\t\t\t\t\t<\/div>\n\t\t<\/div>\n\t\t\t\t\t<\/div>\n\t\t<\/section>\n\t\t\t\t<section class=\"elementor-section elementor-top-section elementor-element elementor-element-1c16015 elementor-section-boxed elementor-section-height-default elementor-section-height-default\" data-id=\"1c16015\" data-element_type=\"section\" data-e-type=\"section\">\n\t\t\t\t\t\t<div class=\"elementor-container elementor-column-gap-default\">\n\t\t\t\t\t<div class=\"elementor-column elementor-col-100 elementor-top-column elementor-element elementor-element-ee80cdb\" data-id=\"ee80cdb\" data-element_type=\"column\" data-e-type=\"column\">\n\t\t\t<div class=\"elementor-widget-wrap elementor-element-populated\">\n\t\t\t\t\t\t<div class=\"elementor-element elementor-element-723dedf elementor-widget-divider--view-line elementor-widget elementor-widget-divider\" data-id=\"723dedf\" data-element_type=\"widget\" data-e-type=\"widget\" data-widget_type=\"divider.default\">\n\t\t\t\t<div class=\"elementor-widget-container\">\n\t\t\t\t\t\t\t<div class=\"elementor-divider\">\n\t\t\t<span class=\"elementor-divider-separator\">\n\t\t\t\t\t\t<\/span>\n\t\t<\/div>\n\t\t\t\t\t\t<\/div>\n\t\t\t\t<\/div>\n\t\t\t\t\t<\/div>\n\t\t<\/div>\n\t\t\t\t\t<\/div>\n\t\t<\/section>\n\t\t\t\t<section class=\"elementor-section elementor-top-section elementor-element elementor-element-550de38 elementor-section-boxed elementor-section-height-default elementor-section-height-default\" data-id=\"550de38\" data-element_type=\"section\" data-e-type=\"section\">\n\t\t\t\t\t\t<div class=\"elementor-container elementor-column-gap-default\">\n\t\t\t\t\t<div class=\"elementor-column elementor-col-100 elementor-top-column elementor-element elementor-element-bddafb1\" data-id=\"bddafb1\" data-element_type=\"column\" data-e-type=\"column\">\n\t\t\t<div class=\"elementor-widget-wrap elementor-element-populated\">\n\t\t\t\t\t\t<div class=\"elementor-element elementor-element-f0b47bf elementor-widget elementor-widget-image\" data-id=\"f0b47bf\" data-element_type=\"widget\" data-e-type=\"widget\" data-widget_type=\"image.default\">\n\t\t\t\t<div class=\"elementor-widget-container\">\n\t\t\t\t\t\t\t\t\t\t\t\t\t\t\t<img decoding=\"async\" width=\"576\" height=\"324\" src=\"https:\/\/www.imkerverein-aurich.de\/wp-content\/uploads\/2025\/11\/hornisse-104.webp\" class=\"attachment-large size-large wp-image-643\" alt=\"\" srcset=\"https:\/\/www.imkerverein-aurich.de\/wp-content\/uploads\/2025\/11\/hornisse-104.webp 576w, https:\/\/www.imkerverein-aurich.de\/wp-content\/uploads\/2025\/11\/hornisse-104-300x169.webp 300w, https:\/\/www.imkerverein-aurich.de\/wp-content\/uploads\/2025\/11\/hornisse-104-267x150.webp 267w\" sizes=\"(max-width: 576px) 100vw, 576px\" \/>\t\t\t\t\t\t\t\t\t\t\t\t\t\t\t<\/div>\n\t\t\t\t<\/div>\n\t\t\t\t\t<\/div>\n\t\t<\/div>\n\t\t\t\t\t<\/div>\n\t\t<\/section>\n\t\t\t\t<section class=\"elementor-section elementor-top-section elementor-element elementor-element-18fae4d elementor-section-full_width elementor-section-content-bottom elementor-section-stretched elementor-section-height-default elementor-section-height-default\" data-id=\"18fae4d\" data-element_type=\"section\" data-e-type=\"section\" data-settings=\"{&quot;stretch_section&quot;:&quot;section-stretched&quot;}\">\n\t\t\t\t\t\t<div class=\"elementor-container elementor-column-gap-default\">\n\t\t\t\t\t<div class=\"elementor-column elementor-col-100 elementor-top-column elementor-element elementor-element-50ed84a2\" data-id=\"50ed84a2\" data-element_type=\"column\" data-e-type=\"column\">\n\t\t\t<div class=\"elementor-widget-wrap elementor-element-populated\">\n\t\t\t\t\t\t<div class=\"elementor-element elementor-element-3c9885ad elementor-widget elementor-widget-image\" data-id=\"3c9885ad\" data-element_type=\"widget\" data-e-type=\"widget\" data-widget_type=\"image.default\">\n\t\t\t\t<div class=\"elementor-widget-container\">\n\t\t\t\t\t\t\t\t\t\t\t\t\t\t\t<img decoding=\"async\" src=\"https:\/\/www.imkerverein-aurich.de\/wp-content\/uploads\/2025\/12\/Hex-Foot.png\" title=\"\" alt=\"\" loading=\"lazy\" \/>\t\t\t\t\t\t\t\t\t\t\t\t\t\t\t<\/div>\n\t\t\t\t<\/div>\n\t\t\t\t\t<\/div>\n\t\t<\/div>\n\t\t\t\t\t<\/div>\n\t\t<\/section>\n\t\t\t\t<\/div>\n\t\t","protected":false},"excerpt":{"rendered":"<p>Asiatische Hornisse&nbsp; \/&nbsp; Vespa Velutina Wie gehen wir als Imker damit um?\u00a0\u00a0Vortrag von Thomas Beissel Thomas Beissel Vespa Velutina \u201eAsiatische [&hellip;]<\/p>\n","protected":false},"author":3,"featured_media":0,"parent":0,"menu_order":0,"comment_status":"closed","ping_status":"closed","template":"","meta":{"site-sidebar-layout":"default","site-content-layout":"","ast-site-content-layout":"default","site-content-style":"default","site-sidebar-style":"default","ast-global-header-display":"","ast-banner-title-visibility":"","ast-main-header-display":"","ast-hfb-above-header-display":"","ast-hfb-below-header-display":"","ast-hfb-mobile-header-display":"","site-post-title":"disabled","ast-breadcrumbs-content":"","ast-featured-img":"","footer-sml-layout":"","theme-transparent-header-meta":"","adv-header-id-meta":"","stick-header-meta":"","header-above-stick-meta":"","header-main-stick-meta":"","header-below-stick-meta":"","astra-migrate-meta-layouts":"default","ast-page-background-enabled":"default","ast-page-background-meta":{"desktop":{"background-color":"var(--ast-global-color-5)","background-image":"","background-repeat":"repeat","background-position":"center center","background-size":"auto","background-attachment":"scroll","background-type":"","background-media":"","overlay-type":"","overlay-color":"","overlay-opacity":"","overlay-gradient":""},"tablet":{"background-color":"","background-image":"","background-repeat":"repeat","background-position":"center center","background-size":"auto","background-attachment":"scroll","background-type":"","background-media":"","overlay-type":"","overlay-color":"","overlay-opacity":"","overlay-gradient":""},"mobile":{"background-color":"","background-image":"","background-repeat":"repeat","background-position":"center center","background-size":"auto","background-attachment":"scroll","background-type":"","background-media":"","overlay-type":"","overlay-color":"","overlay-opacity":"","overlay-gradient":""}},"ast-content-background-meta":{"desktop":{"background-color":"var(--ast-global-color-4)","background-image":"","background-repeat":"repeat","background-position":"center center","background-size":"auto","background-attachment":"scroll","background-type":"","background-media":"","overlay-type":"","overlay-color":"","overlay-opacity":"","overlay-gradient":""},"tablet":{"background-color":"var(--ast-global-color-4)","background-image":"","background-repeat":"repeat","background-position":"center center","background-size":"auto","background-attachment":"scroll","background-type":"","background-media":"","overlay-type":"","overlay-color":"","overlay-opacity":"","overlay-gradient":""},"mobile":{"background-color":"var(--ast-global-color-4)","background-image":"","background-repeat":"repeat","background-position":"center center","background-size":"auto","background-attachment":"scroll","background-type":"","background-media":"","overlay-type":"","overlay-color":"","overlay-opacity":"","overlay-gradient":""}},"footnotes":""},"class_list":["post-635","page","type-page","status-publish","hentry"],"_links":{"self":[{"href":"https:\/\/www.imkerverein-aurich.de\/index.php?rest_route=\/wp\/v2\/pages\/635","targetHints":{"allow":["GET"]}}],"collection":[{"href":"https:\/\/www.imkerverein-aurich.de\/index.php?rest_route=\/wp\/v2\/pages"}],"about":[{"href":"https:\/\/www.imkerverein-aurich.de\/index.php?rest_route=\/wp\/v2\/types\/page"}],"author":[{"embeddable":true,"href":"https:\/\/www.imkerverein-aurich.de\/index.php?rest_route=\/wp\/v2\/users\/3"}],"replies":[{"embeddable":true,"href":"https:\/\/www.imkerverein-aurich.de\/index.php?rest_route=%2Fwp%2Fv2%2Fcomments&post=635"}],"version-history":[{"count":69,"href":"https:\/\/www.imkerverein-aurich.de\/index.php?rest_route=\/wp\/v2\/pages\/635\/revisions"}],"predecessor-version":[{"id":1378,"href":"https:\/\/www.imkerverein-aurich.de\/index.php?rest_route=\/wp\/v2\/pages\/635\/revisions\/1378"}],"wp:attachment":[{"href":"https:\/\/www.imkerverein-aurich.de\/index.php?rest_route=%2Fwp%2Fv2%2Fmedia&parent=635"}],"curies":[{"name":"wp","href":"https:\/\/api.w.org\/{rel}","templated":true}]}}